{"id":80,"date":"2017-04-26T09:37:42","date_gmt":"2017-04-26T09:37:42","guid":{"rendered":"http:\/\/www.friedenspsychologie.de\/?page_id=80"},"modified":"2025-09-03T20:46:09","modified_gmt":"2025-09-03T20:46:09","slug":"gert-sommer-preis-fur-friedenspsychologie","status":"publish","type":"page","link":"https:\/\/www.friedenspsychologie.de\/?page_id=80","title":{"rendered":"Preistr\u00e4gerinnen und Preistr\u00e4ger"},"content":{"rendered":"<p>Seit 2007 zeichnet das Forum Friedenspsychologie mit dem Gert-Sommer-Preis f\u00fcr Friedenspsychologie akademische Abschlussarbeiten aus, die sich auf herausragender Weise mit theoretischen oder empirischen Fragestellungen der Friedenspsychologie widmen.<\/p>\n<p>Zudem f\u00f6rdert das Forum Friedenspsychologie mit den j\u00e4hrlichen Small Grants die Durchf\u00fchrung von friedenspsychologischen Projekten, wie z. B. Workshops oder Abschlussarbeiten.<\/p>\n<p>Die Preistr\u00e4ger*innen und ihre Projekte werden hier vorgestellt. Wir danken herzlich f\u00fcr die vielen Einreichungen und Eure Beitr\u00e4ge!<\/p>\n<p>&nbsp;<\/p>\n<p><strong>Gert-Sommer-Preis 2025<\/strong><\/p>\n<figure id=\"attachment_1572\" aria-describedby=\"caption-attachment-1572\" style=\"width: 134px\" class=\"wp-caption alignleft\"><img loading=\"lazy\" class=\"wp-image-1572\" src=\"https:\/\/www.friedenspsychologie.de\/wp-content\/uploads\/2025\/09\/Larissa-Knochelmann-185x300.jpg\" alt=\"Dr. Larissa Kn\u00f6chelmann\" width=\"134\" height=\"217\" srcset=\"https:\/\/www.friedenspsychologie.de\/wp-content\/uploads\/2025\/09\/Larissa-Knochelmann-185x300.jpg 185w, https:\/\/www.friedenspsychologie.de\/wp-content\/uploads\/2025\/09\/Larissa-Knochelmann.jpg 443w\" sizes=\"(max-width: 134px) 100vw, 134px\" \/><figcaption id=\"caption-attachment-1572\" class=\"wp-caption-text\">Dr. Larissa Kn\u00f6chelmann<\/figcaption><\/figure>\n<p>Mit ihrer Doktorarbeit <em>Adressing Affective Polarization: Intellectual Humility in Controversial Political Discussions<\/em> \u00fcberzeugte <strong><a href=\"https:\/\/www.psychology.hu-berlin.de\/de\/mitarbeiter\/1696579\">Dr. Larissa Kn\u00f6chelmann<\/a><\/strong> die Jury und erhielt den Gert-Sommer-Preis 2025.<\/p>\n<p>Zudem wurde <a href=\"https:\/\/www.fb03.uni-frankfurt.de\/125723880\/WiMi_Mar%C3%ADa_C%C3%A1rdenas__M_A__Peace_and_Conflict_Studies?\">Maria C\u00e1rdenas<\/a> Doktorarbeit <em>Ethnic(ized) activism and its decolonizing potential to build pluriversal peace. The case of Colombia <\/em>mit einer Honorable Mention gew\u00fcrdigt. Auch <a href=\"https:\/\/www.linkedin.com\/in\/judith-paminger-34181610b?originalSubdomain=at\">Judith Paminger<\/a> und Zainab Rahimi erhielten f\u00fcr ihre Peer-Masterarbeit <em>&#8220;They talk about us like toys<span class=\"highlight-green\">&#8221; <\/span>Participative and biographic-narrative exploration of displaced interpreters\u2019 life worlds in Greece<\/em> eine\u00a0Honorable Mention.<\/p>\n<p>&nbsp;<\/p>\n<p>&nbsp;<\/p>\n<p>&nbsp;<\/p>\n<p><strong>Small-Grant Gewinnerin 2025<\/strong><\/p>\n<p>Der Small Grant ging an <strong>Toneva Peace<\/strong>, mit ihrem Projekt \u201eChildren Born in Captivity (CBIC) During the LRA War in Northern Uganda\u201c. Ihr Projekt m\u00f6chte in einer ersten Untersuchung die psychische Gesundheit von Jugendlichen, die w\u00e4hrend des LRA Kriegs in Gefangenschaft geboren und aufgewachsen sind, verbessern und Ressourcen aufzeigen.<\/p>\n<p>&nbsp;<\/p>\n<p><strong>Gert-Sommer-Preis 2024<\/strong><\/p>\n<figure id=\"attachment_1472\" aria-describedby=\"caption-attachment-1472\" style=\"width: 130px\" class=\"wp-caption alignleft\"><img loading=\"lazy\" class=\" wp-image-1472\" src=\"https:\/\/www.friedenspsychologie.de\/wp-content\/uploads\/2025\/01\/Screenshot-2025-01-04-at-11.40.39-771x1024.png\" alt=\"\" width=\"130\" height=\"173\" srcset=\"https:\/\/www.friedenspsychologie.de\/wp-content\/uploads\/2025\/01\/Screenshot-2025-01-04-at-11.40.39-771x1024.png 771w, https:\/\/www.friedenspsychologie.de\/wp-content\/uploads\/2025\/01\/Screenshot-2025-01-04-at-11.40.39-226x300.png 226w, https:\/\/www.friedenspsychologie.de\/wp-content\/uploads\/2025\/01\/Screenshot-2025-01-04-at-11.40.39-768x1019.png 768w, https:\/\/www.friedenspsychologie.de\/wp-content\/uploads\/2025\/01\/Screenshot-2025-01-04-at-11.40.39.png 1112w\" sizes=\"(max-width: 130px) 100vw, 130px\" \/><figcaption id=\"caption-attachment-1472\" class=\"wp-caption-text\">Jacqueline Kittel<\/figcaption><\/figure>\n<p><a href=\"https:\/\/www.linkedin.com\/in\/jacky-kittel\/?originalSubdomain=de\"><strong>Jacqueline Kittel<\/strong><\/a>, M.Sc., gewann mit ihrer Masterarbeit <em>Auch morgen noch aktiv sein \u2013 eine qualitative Analyse der Copingstrategien und Resilienzfaktoren junger Klimaaktivist:innen<\/em> den Gert-Sommer-Preis 2024.<\/p>\n<p>Zus\u00e4tzlich erhielt <a href=\"https:\/\/www.prif.org\/ueber-uns\/person\/laura-stritzke\">Laura Strietzke<\/a> eine Honorable Mention f\u00fcr ihre Masterarbeit mit dem Titel <em>Knowing How We Feel: Group-based and Perceived Collective Emotions in Times of War.<\/em><\/p>\n<p>&nbsp;<\/p>\n<p>&nbsp;<\/p>\n<p>&nbsp;<\/p>\n<p><strong>Small-Grant Gewinner 2024<\/strong><\/p>\n<p><strong><img loading=\"lazy\" class=\"wp-image-1469 alignleft\" src=\"https:\/\/www.friedenspsychologie.de\/wp-content\/uploads\/2025\/01\/20231024_102618-768x1024.jpg\" alt=\"\" width=\"147\" height=\"196\" srcset=\"https:\/\/www.friedenspsychologie.de\/wp-content\/uploads\/2025\/01\/20231024_102618-768x1024.jpg 768w, https:\/\/www.friedenspsychologie.de\/wp-content\/uploads\/2025\/01\/20231024_102618-225x300.jpg 225w, https:\/\/www.friedenspsychologie.de\/wp-content\/uploads\/2025\/01\/20231024_102618-1152x1536.jpg 1152w, https:\/\/www.friedenspsychologie.de\/wp-content\/uploads\/2025\/01\/20231024_102618-1536x2048.jpg 1536w, https:\/\/www.friedenspsychologie.de\/wp-content\/uploads\/2025\/01\/20231024_102618-scaled.jpg 1920w\" sizes=\"(max-width: 147px) 100vw, 147px\" \/><a href=\"https:\/\/www.sp.uni-wuppertal.de\/de\/team\/halabi\/\">Dr. Slieman Halabi<\/a><\/strong> conducted a series of studies to examine the moral lessons from National Socialism and the Holocaust and their significance for safeguarding democracy. His research demonstrates that the lesson to resist right-wing extremism plays a central role in motivating collective resistance against authoritarian and right-wing extremist movements.<\/p>\n<p>In a survey of 750 Israelis opposing the 2023 judicial reform, Halabi found that this lesson positively predicted protest participation and support for both normative and non-normative collective actions. Furthermore, psychological mechanisms such as identification with the movement, moral obligation, efficacy, and anger mediated the link between the lesson and protest participation.<\/p>\n<p>In Germany, Halabi developed a scale to systematically measure Holocaust lessons using a bottom-up approach. A study with 500 German participants identified four core lessons: resistance to right-wing extremism, critical thinking toward authority, the protection of Jewish lives, and the safeguarding of human dignity. In a study among a similar sample, the resistance lesson predicted collective action intentions against the rise of right-wing extremism in Germany beyond the other three lessons.<br \/>\nDr. Halabi\u2019s work highlights how lessons drawn from the Holocaust can be universally applied to strengthen democratic societies and foster collective responsibility.<\/p>\n<p>&nbsp;<\/p>\n<p><strong><img loading=\"lazy\" class=\"details-image alignleft\" draggable=\"false\" src=\"https:\/\/www.friedenspsychologie.de\/wp-content\/uploads\/2023\/08\/OliverFink.jpg\" alt=\"\" width=\"240\" height=\"160\" \/>Gert-Sommer-Preis 2023<br \/>\n<\/strong><\/p>\n<p><strong>Dr. Oliver Fink <\/strong>f\u00fchrte \u00fcber drei Jahre Mixed-Methods-Feldforschung durch, um die Dynamik von Emotionen und ihren Einfluss auf Gewalt zwischen Gruppen im Israel-Pal\u00e4stina-Konflikt zu untersuchen. In seiner Arbeit argumentiert er, dass der pr\u00e4diktive Einfluss von Emotionen auf gewaltt\u00e4tiges Handeln stark kontextabh\u00e4ngig ist. Die Arbeit enth\u00e4lt grundlegende Anwendungen zum Verst\u00e4ndnis gewaltsamer Konflikteskalation, der Praxis von Konflikttransformation und des verantwortungsvollen sozialen Wandels in Gruppenkonflikten oder gespaltenen Gesellschaften.<\/p>\n<p>Zus\u00e4tzlich erhielt eine Arbeit die Auszeichnung Honorable Mention: Kristine Andra Avram, <em>Dissertation Responsibility: A Kaleidoscopic View<\/em> (Philipps-Universit\u00e4t Marburg).<\/p>\n<p><strong>\u00a0<\/strong><\/p>\n<p><img loading=\"lazy\" class=\"size-thumbnail wp-image-1195 alignright\" src=\"https:\/\/www.friedenspsychologie.de\/wp-content\/uploads\/2023\/02\/01_Verena-Muckermann_klein-150x150.jpg\" alt=\"\" width=\"150\" height=\"150\" \/><\/p>\n<p><strong>Gert-Sommer-Preis 2022<br \/>\n<\/strong><\/p>\n<p><strong>Verena Muckermann<\/strong>, M.Sc., <em>A stairway towards justice &#8211; An exploration of the needs of Syrian survivors of international crimes living in Germany and the relation between the understanding of justice and the perceived need satisfactions.<\/em><\/p>\n<p>&nbsp;<\/p>\n<p>&nbsp;<\/p>\n<p style=\"text-align: left;\"><strong><img loading=\"lazy\" class=\"wp-image-1127 alignleft\" src=\"https:\/\/www.friedenspsychologie.de\/wp-content\/uploads\/2021\/11\/LisaHartke-scaled.jpg\" alt=\"\" width=\"129\" height=\"172\" srcset=\"https:\/\/www.friedenspsychologie.de\/wp-content\/uploads\/2021\/11\/LisaHartke-scaled.jpg 1922w, https:\/\/www.friedenspsychologie.de\/wp-content\/uploads\/2021\/11\/LisaHartke-225x300.jpg 225w, https:\/\/www.friedenspsychologie.de\/wp-content\/uploads\/2021\/11\/LisaHartke-769x1024.jpg 769w, https:\/\/www.friedenspsychologie.de\/wp-content\/uploads\/2021\/11\/LisaHartke-768x1023.jpg 768w, https:\/\/www.friedenspsychologie.de\/wp-content\/uploads\/2021\/11\/LisaHartke-1153x1536.jpg 1153w, https:\/\/www.friedenspsychologie.de\/wp-content\/uploads\/2021\/11\/LisaHartke-1537x2048.jpg 1537w\" sizes=\"(max-width: 129px) 100vw, 129px\" \/><\/strong><\/p>\n<p><strong>Gert-Sommer-Preis 2021<\/strong><\/p>\n<p style=\"text-align: left;\"><strong>Lisa Hartke<\/strong>, MSc., M.A., Masterarbeit &#8220;<span dir=\"ltr\" role=\"presentation\">E<\/span><span dir=\"ltr\" role=\"presentation\">i<\/span><span dir=\"ltr\" role=\"presentation\">n<\/span> <span dir=\"ltr\" role=\"presentation\">G<\/span><span dir=\"ltr\" role=\"presentation\">e<\/span><span dir=\"ltr\" role=\"presentation\">f<\/span><span dir=\"ltr\" role=\"presentation\">\u00fc<\/span><span dir=\"ltr\" role=\"presentation\">h<\/span><span dir=\"ltr\" role=\"presentation\">l<\/span> <span dir=\"ltr\" role=\"presentation\">v<\/span><span dir=\"ltr\" role=\"presentation\">o<\/span><span dir=\"ltr\" role=\"presentation\">n<\/span> <span dir=\"ltr\" role=\"presentation\">Z<\/span><span dir=\"ltr\" role=\"presentation\">u<\/span><span dir=\"ltr\" role=\"presentation\">h<\/span><span dir=\"ltr\" role=\"presentation\">a<\/span><span dir=\"ltr\" role=\"presentation\">u<\/span><span dir=\"ltr\" role=\"presentation\">s<\/span><span dir=\"ltr\" role=\"presentation\">e<\/span> <span dir=\"ltr\" role=\"presentation\">&#8211;<\/span> <span dir=\"ltr\" role=\"presentation\">Z<\/span><span dir=\"ltr\" role=\"presentation\">u<\/span><span dir=\"ltr\" role=\"presentation\">g<\/span><span dir=\"ltr\" role=\"presentation\">e<\/span><span dir=\"ltr\" role=\"presentation\">h<\/span><span dir=\"ltr\" role=\"presentation\">\u00f6<\/span><span dir=\"ltr\" role=\"presentation\">r<\/span><span dir=\"ltr\" role=\"presentation\">i<\/span><span dir=\"ltr\" role=\"presentation\">g<\/span><span dir=\"ltr\" role=\"presentation\">k<\/span><span dir=\"ltr\" role=\"presentation\">e<\/span><span dir=\"ltr\" role=\"presentation\">i<\/span><span dir=\"ltr\" role=\"presentation\">t<\/span> <span dir=\"ltr\" role=\"presentation\">i<\/span><span dir=\"ltr\" role=\"presentation\">m<\/span> <span dir=\"ltr\" role=\"presentation\">K<\/span><span dir=\"ltr\" role=\"presentation\">o<\/span><span dir=\"ltr\" role=\"presentation\">n<\/span><span dir=\"ltr\" role=\"presentation\">t<\/span><span dir=\"ltr\" role=\"presentation\">e<\/span><span dir=\"ltr\" role=\"presentation\">x<\/span><span dir=\"ltr\" role=\"presentation\">t<\/span> <span dir=\"ltr\" role=\"presentation\">e<\/span><span dir=\"ltr\" role=\"presentation\">i<\/span><span dir=\"ltr\" role=\"presentation\">n<\/span><span dir=\"ltr\" role=\"presentation\">e<\/span><span dir=\"ltr\" role=\"presentation\">r<\/span> <span dir=\"ltr\" role=\"presentation\">s<\/span><span dir=\"ltr\" role=\"presentation\">i<\/span><span dir=\"ltr\" role=\"presentation\">c<\/span><span dir=\"ltr\" role=\"presentation\">h<\/span> <span dir=\"ltr\" role=\"presentation\">p<\/span><span dir=\"ltr\" role=\"presentation\">l<\/span><span dir=\"ltr\" role=\"presentation\">u<\/span><span dir=\"ltr\" role=\"presentation\">r<\/span><span dir=\"ltr\" role=\"presentation\">a<\/span><span dir=\"ltr\" role=\"presentation\">l<\/span><span dir=\"ltr\" role=\"presentation\">i<\/span><span dir=\"ltr\" role=\"presentation\">s<\/span><span dir=\"ltr\" role=\"presentation\">i<\/span><span dir=\"ltr\" role=\"presentation\">e<\/span><span dir=\"ltr\" role=\"presentation\">r<\/span><span dir=\"ltr\" role=\"presentation\">e<\/span><span dir=\"ltr\" role=\"presentation\">n<\/span><span dir=\"ltr\" role=\"presentation\">d<\/span><span dir=\"ltr\" role=\"presentation\">e<\/span><span dir=\"ltr\" role=\"presentation\">n<\/span> <span dir=\"ltr\" role=\"presentation\">G<\/span><span dir=\"ltr\" role=\"presentation\">e<\/span><span dir=\"ltr\" role=\"presentation\">s<\/span><span dir=\"ltr\" role=\"presentation\">e<\/span><span dir=\"ltr\" role=\"presentation\">l<\/span><span dir=\"ltr\" role=\"presentation\">l<\/span><span dir=\"ltr\" role=\"presentation\">s<\/span><span dir=\"ltr\" role=\"presentation\">c<\/span><span dir=\"ltr\" role=\"presentation\">h<\/span><span dir=\"ltr\" role=\"presentation\">a<\/span><span dir=\"ltr\" role=\"presentation\">f<\/span><span dir=\"ltr\" role=\"presentation\">t<\/span> &#8221; (Philipps-Universit\u00e4t Marburg) [<a href=\"https:\/\/www.friedenspsychologie.de\/?attachment_id=1119\" target=\"_blank\" rel=\"noopener\">Link zur Arbeit &#8211; PDF<\/a>] [<a href=\"https:\/\/youtu.be\/50va9qvooEc\" target=\"_blank\" rel=\"noopener\">Onlineverleihung<\/a>]<\/p>\n<p>&nbsp;<\/p>\n<p>&nbsp;<\/p>\n<p>&nbsp;<\/p>\n<p><strong>Gert-Sommer-Preis 2020<\/strong><\/p>\n<p><strong><a href=\"https:\/\/www.gpv.psy.unibe.ch\/ueber_uns\/personen\/m_sc_tomberge_vica\/index_ger.html\" target=\"_blank\" rel=\"noopener noreferrer\">Vica Tomberge, M.Sc.<\/a>,<\/strong> Masterarbeit &#8220;The role of psychological ownership and gender in community-led total<br \/>\n<strong><img loading=\"lazy\" class=\"wp-image-1107 alignright\" src=\"https:\/\/www.friedenspsychologie.de\/wp-content\/uploads\/2021\/11\/Vica_Tomberge.jpg\" alt=\"\" width=\"143\" height=\"143\" srcset=\"https:\/\/www.friedenspsychologie.de\/wp-content\/uploads\/2021\/11\/Vica_Tomberge.jpg 350w, https:\/\/www.friedenspsychologie.de\/wp-content\/uploads\/2021\/11\/Vica_Tomberge-300x300.jpg 300w, https:\/\/www.friedenspsychologie.de\/wp-content\/uploads\/2021\/11\/Vica_Tomberge-150x150.jpg 150w\" sizes=\"(max-width: 143px) 100vw, 143px\" \/><\/strong>sanitation (CLTS): Evidence from a cluster-randomized controlled trial in rural Ghana&#8221; (Heinrich-Heine-Universit\u00e4t D\u00fcsseldorf) [<a href=\"https:\/\/www.friedenspsychologie.de\/2020\/05\/09\/gewinnerin-des-gert-sommer-preises-2020-vica-tomberge-universitat-bern\/\">Pr\u00e4sentation<\/a>]<\/p>\n<p>&nbsp;<\/p>\n<p>&nbsp;<\/p>\n<p><strong><img loading=\"lazy\" class=\"wp-image-878 alignleft\" src=\"https:\/\/www.friedenspsychologie.de\/wp-content\/uploads\/2019\/07\/GertSommerPreis2.jpg\" alt=\"\" width=\"204\" height=\"153\" srcset=\"https:\/\/www.friedenspsychologie.de\/wp-content\/uploads\/2019\/07\/GertSommerPreis2.jpg 2962w, https:\/\/www.friedenspsychologie.de\/wp-content\/uploads\/2019\/07\/GertSommerPreis2-300x226.jpg 300w, https:\/\/www.friedenspsychologie.de\/wp-content\/uploads\/2019\/07\/GertSommerPreis2-768x578.jpg 768w, https:\/\/www.friedenspsychologie.de\/wp-content\/uploads\/2019\/07\/GertSommerPreis2-1024x770.jpg 1024w\" sizes=\"(max-width: 204px) 100vw, 204px\" \/><\/strong><\/p>\n<p><strong>Gert-Sommer-Preis 2019<\/strong><\/p>\n<p><strong><a href=\"https:\/\/www.psychologie.uzh.ch\/de\/bereiche\/hea\/psypath\/Team\/Augsburger-Mareike.html\" target=\"_blank\" rel=\"noopener noreferrer\">Dr. Mareike Augsburger<\/a>,<\/strong> Dissertation &#8220;Becoming cruel in the face of war \u2013 Sex-specific, individual and social aspects affecting the relation between exposure to traumatic stress and aggression&#8221; (Universit\u00e4t Konstanz). Zus\u00e4tzlich erhielt eine Arbeit die Auszeichnung Honorable Mention: Isabel Strubel, Dissertation, &#8220;Nachhaltiger Konsum, Fairer Handel und Gerechtigkeit: Eine multimethodale psychologische Untersuchung gerechtigkeits- und verantwortungsbezogener Motive&#8221; (Katholische Universit\u00e4t Eichst\u00e4tt-Ingolstadt).<\/p>\n<p>&nbsp;<\/p>\n<p><strong>Gert-Sommer-Preis 2018<br \/>\n<\/strong><\/p>\n<p><strong><a href=\"http:\/\/timothywilliams.de\/\" target=\"_blank\" rel=\"noopener noreferrer\">Dr. Timothy Williams<\/a><\/strong>, Dissertation \u201cThe Complexity of Evil: Modelling Perpetration in Genocide\u201d (Philipps-Universit\u00e4t Marburg)<img loading=\"lazy\" class=\"size-full wp-image-562 alignleft\" src=\"http:\/\/www.friedenspsychologie.de\/wp-content\/uploads\/2018\/09\/IMG_9631-e1537966315461.jpg\" alt=\"\" width=\"250\" height=\"187\" \/><\/p>\n<p>Im Jahr 2018 erhielten zus\u00e4tzlich zwei Arbeiten die Auszeichnung Honorable Mention: Ulrike Auge, Bachelorarbeit\u00a0\u201cAdoleszenz in Afghanistan: Die theoretische Ausdeutung adoleszenter M\u00f6glichkeitsr\u00e4ume bei Jugendlichen in Afghanistan\u201d (International Psychoanalytic University Berlin) und Sofia Kr\u00fcger, Masterarbeit\u00a0\u201cCountering the Northern Irish \u2018Ethos of Conflict\u2019 with an \u2018Ethos of Peace\u2019? The Protestant Churches in Northern Ireland and their Counterframing Activity during the Peace Process between January and May 1998\u201d (Universit\u00e4t T\u00fcbingen).<\/p>\n<p>&nbsp;<\/p>\n<p>&nbsp;<\/p>\n<p><strong>Gert-Sommer-Preis 2017<\/strong>: <a href=\"http:\/\/www.isi.fraunhofer.de\/isi-de\/v\/mitarbeiter-seiten\/gal.php\" target=\"_blank\" rel=\"noopener noreferrer\"><strong>Anne-Louise G\u00f6hring<\/strong><\/a>, Masterarbeit \u201eDie Macht der Metapher: Der Metapher-Framing-Effekt in der politischen Meinungsbildung\u201c (Universit\u00e4t Heidelberg)<\/p>\n<p><strong>Gert-Sommer-Preis \u00a02016<\/strong>: <strong><a href=\"http:\/\/www.ls1.ifkw.uni-muenchen.de\/personen\/wiss_ma\/neumann_katharina\/index.html\" target=\"_blank\" rel=\"noopener noreferrer\">Katharina Neumann<\/a><\/strong>, Masterarbeit \u201eKameradschaft vor der Kamera \u2013 Eine Analyse reziproker Effekte von Medienberichterstattung \u00fcber die rechtsextreme Szene auf deren Anh\u00e4nger\u201c (Ludwig-Maximilians-Universit\u00e4t M\u00fcnchen)<\/p>\n<p>Im Jahr 2015 wurde kein Preis vergeben.<\/p>\n<p><strong>Gert-Sommer-Preis 2014<\/strong>: <strong><a href=\"http:\/\/www.ifkw.uni-jena.de\/kommunikationspsychologie2017\/dr-nicole-haussecker-lebenslauf\" target=\"_blank\" rel=\"noopener noreferrer\">Dr. Nicole Hau\u00dfecker<\/a>,<\/strong> Dissertation \u201eEmotionale Bilder in Fernsehnachrichten \u00fcber Terrorismus und potentielle Folgen\u201c (Friedrich-Schiller-Universit\u00e4t Jena)<\/p>\n<p><strong>Gert-Sommer-Preis 2013<\/strong>: <a href=\"http:\/\/www.otago.ac.nz\/ncpacs\/staff\/otago636750.html\" target=\"_blank\" rel=\"noopener noreferrer\"><strong>Dr. Mariska Kappmeier<\/strong><\/a>, Dissertation \u201eWhere is the Trust? \u2013 Conflict and Trust Assessment between Large-Group Conflict Parties for 3rd Parties Conflict Intervention\u201c (Universit\u00e4t Hamburg)<\/p>\n<p><strong>Gert-Sommer-Preis 2012<\/strong>: <strong><a href=\"http:\/\/medpsy.uniklinikum-leipzig.de\/medpsych.site,postext,mitarbeiter,a_id,5364.html\" target=\"_blank\" rel=\"noopener noreferrer\">PD Dr. Heide Glaesmer<\/a><\/strong>, Habilitation \u201eTraumatische Erfahrungen und posttraumatische Belastungsst\u00f6rungen in der Altenbev\u00f6lkerung \u2013 Zusammenh\u00e4nge mit psychischen und k\u00f6rperlichen Erkrankungen sowie mit medizinischer Inanspruchnahme\u201c (Universit\u00e4tsklinikum Leipzig)<\/p>\n<p><strong>Gert-Sommer-Preis 2011<\/strong>: <strong>Dr. Friederike Feuchte<\/strong>, Dissertation \u201e\u201aCan We Make a Difference Tomorrow?\u2018 A Systematic Evaluation of a Peace Education Programme Implemented with Liberian Refugees\u201c (Friedrich-Schiller-Universit\u00e4t Jena)<\/p>\n<p><strong>Gert-Sommer-Preis 2010<\/strong>: <strong>Dipl.-Psych. Sarah Maria Koch<\/strong>, Diplomarbeit \u201eGute Gr\u00fcnde f\u00fcr Nuklearwaffen? Rekonstruktion pers\u00f6nlicher Argumentationssysteme politischer Akteure im Sicherheitsdiskurs\u201c (Universit\u00e4t Hamburg)<\/p>\n<p><strong>Gert-Sommer-Preis 2009<\/strong>: <strong><a href=\"https:\/\/www2.clarku.edu\/faculty\/facultybio.cfm?id=778\" target=\"_blank\" rel=\"noopener noreferrer\">Dr. Johanna Vollhardt<\/a><\/strong>, Dissertation \u201eVictim Consciousness and its Effects on Intergroup Relations: A Double-Edged Sword?\u201c (University of Massachusetts Amherst, USA), und Dr. Susanne Jaeger, Dissertation \u201eNachrichtenmedien als Ressource f\u00fcr Frieden und Vers\u00f6hnung \u2013 Inhaltsanalytische Pressestudien zur westdeutschen Berichterstattung \u00fcber Frankreich nach dem Zweiten Weltkrieg\u201c <a href=\"http:\/\/www.regener-online.de\/books\/downloads\/anhang_jaeger.pdf\" target=\"_blank\" rel=\"noopener noreferrer\">[Link zum Buch]<\/a> (Universit\u00e4t Konstanz)<\/p>\n<p><strong>Gert-Sommer-Preis 2008<\/strong>: <a href=\"http:\/\/www.hamburg.de\/bsb\/mitarbeiter-innen\/4392296\/dr-martina-diedrich\/\" target=\"_blank\" rel=\"noopener noreferrer\"><strong>Dr. Martina Diedrich<\/strong>, <\/a>Dissertation \u201eDemokratische Schulkultur: Bedeutung und Erfassung eines Schulqualit\u00e4tsmerkmals\u201c (Deutsches Institut f\u00fcr Internationale P\u00e4dagogische Forschung)<\/p>\n<p><strong>Gert-Sommer-Preis 2007<\/strong>: <strong><a href=\"http:\/\/web.uni-marburg.de\/konfliktforschung\/studium\/ma\/absolventen\/weber.html\" target=\"_blank\" rel=\"noopener noreferrer\">Dipl.-Psych. M.A. Kathrin Weber<\/a><\/strong>, Masterarbeit \u201eSubjektive Bewertung der chilenischen Transitional Justice-Mechanismen durch GegnerInnen der ehemaligen Milit\u00e4rjunta\u201c <a href=\"http:\/\/www.friedenspsychologie.de\/wp-content\/uploads\/2017\/04\/Weber_GS-Preis2007.pdf\" target=\"_blank\" rel=\"noopener noreferrer\">[Download hier]<\/a> (Philipps-Universit\u00e4t Marbug)<\/p>\n","protected":false},"excerpt":{"rendered":"<p>Seit 2007 zeichnet das Forum Friedenspsychologie mit dem Gert-Sommer-Preis f\u00fcr Friedenspsychologie akademische Abschlussarbeiten aus, die sich auf herausragender Weise mit theoretischen oder empirischen Fragestellungen der&hellip;<\/p>\n","protected":false},"author":1,"featured_media":0,"parent":57,"menu_order":2,"comment_status":"closed","ping_status":"closed","template":"","meta":[],"_links":{"self":[{"href":"https:\/\/www.friedenspsychologie.de\/index.php?rest_route=\/wp\/v2\/pages\/80"}],"collection":[{"href":"https:\/\/www.friedenspsychologie.de\/index.php?rest_route=\/wp\/v2\/pages"}],"about":[{"href":"https:\/\/www.friedenspsychologie.de\/index.php?rest_route=\/wp\/v2\/types\/page"}],"author":[{"embeddable":true,"href":"https:\/\/www.friedenspsychologie.de\/index.php?rest_route=\/wp\/v2\/users\/1"}],"replies":[{"embeddable":true,"href":"https:\/\/www.friedenspsychologie.de\/index.php?rest_route=%2Fwp%2Fv2%2Fcomments&post=80"}],"version-history":[{"count":28,"href":"https:\/\/www.friedenspsychologie.de\/index.php?rest_route=\/wp\/v2\/pages\/80\/revisions"}],"predecessor-version":[{"id":1575,"href":"https:\/\/www.friedenspsychologie.de\/index.php?rest_route=\/wp\/v2\/pages\/80\/revisions\/1575"}],"up":[{"embeddable":true,"href":"https:\/\/www.friedenspsychologie.de\/index.php?rest_route=\/wp\/v2\/pages\/57"}],"wp:attachment":[{"href":"https:\/\/www.friedenspsychologie.de\/index.php?rest_route=%2Fwp%2Fv2%2Fmedia&parent=80"}],"curies":[{"name":"wp","href":"https:\/\/api.w.org\/{rel}","templated":true}]}}